{"id":975,"date":"2022-09-15T17:51:04","date_gmt":"2022-09-15T15:51:04","guid":{"rendered":"http:\/\/reparenjalles.saintmedardasso.fr\/?page_id=975"},"modified":"2025-10-26T10:48:02","modified_gmt":"2025-10-26T09:48:02","slug":"tout-sur-les-reparations","status":"publish","type":"page","link":"https:\/\/reparenjalles.saintmedardasso.fr\/?page_id=975","title":{"rendered":"Tout sur les r\u00e9parations"},"content":{"rendered":"<div class=\"entry-content\">\n<p><span style=\"font-size: 18pt;\"><strong>Pour faire r\u00e9parer un objet il faut <span style=\"text-decoration: underline;\">\u00eatre majeur<\/span> et <span style=\"text-decoration: underline;\">adh\u00e9rent de l\u2019Association<\/span>.<\/strong><\/span><\/p>\n<h2>L\u2019adh\u00e9sion<\/h2>\n<p style=\"text-align: justify;\">L&rsquo;adh\u00e9sion \u00e0 <strong>R\u00e9par&rsquo;en Jalles<\/strong> est obligatoire pour faire effectuer une r\u00e9paration.<\/p>\n<p><a href=\"https:\/\/reparenjalles.saintmedardasso.fr\/?page_id=1146\" target=\"_blank\" rel=\"noopener\"><strong>Tout savoir sur l&rsquo;adh\u00e9sion &#8230;<\/strong><\/a><\/p>\n<h2>Les rendez-vous de r\u00e9paration<\/h2>\n<p>Le nombre de rendez-vous est d\u00e9termin\u00e9 en fonction des b\u00e9n\u00e9voles disponibles.<\/p>\n<p style=\"text-align: justify;\">Les <strong>r\u00e9parations se font uniquement sur rendez-vous<\/strong> et dans le respect des contraintes sanitaires en vigueur.<\/p>\n<p style=\"text-align: justify;\">La prise de rendez-vous sera possible environ une semaine avant la date de l\u2019atelier de r\u00e9paration.\u00a0 ATTENTION : l\u2019inscription aux journ\u00e9es de r\u00e9paration est close d\u00e8s que le nombre de rendez-vous potentiel a \u00e9t\u00e9 atteint.<strong> \u00a0<a href=\"https:\/\/reparenjalles.saintmedardasso.fr\/reparations\/rdv\/rdv.php\" target=\"_blank\" rel=\"noopener\">Prendre rendez-vous<\/a><\/strong>.<\/p>\n<p style=\"text-align: justify;\">Vous devez avoir la confirmation de votre rendez-vous pour<a href=\"https:\/\/reparenjalles.saintmedardasso.fr\/?page_id=975\" target=\"_blank\" rel=\"noopener\"><strong> vous rendre \u00e0 l\u2019atelier de r\u00e9paration<\/strong><\/a> (Celle-ci est envoy\u00e9e la veille de la journ\u00e9e de r\u00e9parations)<\/p>\n<p style=\"text-align: justify;\">Afin de pouvoir satisfaire un maximum d\u2019adh\u00e9rents, <strong>nous limitons les r\u00e9parations \u00e0 un seul objet par adh\u00e9rent et par journ\u00e9e<\/strong>. Si vous voulez faire r\u00e9parer plusieurs objets vous devrez les r\u00e9partir sur diff\u00e9rentes journ\u00e9es.<\/p>\n<h2>Fr\u00e9quence des journ\u00e9es de r\u00e9parations<\/h2>\n<p>La fr\u00e9quence pr\u00e9vue est mensuelle. Sauf ajustement cons\u00e9cutif \u00e0 des cong\u00e9s scolaires ou \u00e0 la proximit\u00e9 de jours f\u00e9ri\u00e9s, les journ\u00e9es de r\u00e9paration ont lieu le <strong>3\u00e8me samedi de chaque mois<\/strong>. Le calendrier est mis \u00e0 jour r\u00e9guli\u00e8rement.<\/p>\n<p><a href=\"https:\/\/reparenjalles.saintmedardasso.fr\/?page_id=166\" target=\"_blank\" rel=\"noopener\"><strong>Voir toutes les dates des journ\u00e9es de r\u00e9paration<\/strong><\/a><\/p>\n<h2>Commentaires sur les r\u00e9parations<\/h2>\n<p>Afin de respecter la gestion des rendez-vous, l\u2019objet sera examin\u00e9 pendant 45 minutes maximum. Cependant, si le r\u00e9parateur consid\u00e8re que l\u2019appareil peut faire l\u2019objet d\u2019une prise en charge plus longue, il peut proposer, apr\u00e8s validation par un membre du bureau, de poursuivre les investigations lors des soir\u00e9es r\u00e9parateurs. Les propri\u00e9taires seront alors inform\u00e9s de la suite donn\u00e9e et devront venir r\u00e9cup\u00e9rer leur objet qu\u2019il soit r\u00e9par\u00e9 ou non.<\/p>\n<h2>Co\u00fbt d\u2019une r\u00e9paration<\/h2>\n<p style=\"text-align: justify;\">Les r\u00e9parateurs sont b\u00e9n\u00e9voles. <strong>Il n\u2019y a pas de frais de main d\u2019\u0153uvre<\/strong>.<\/p>\n<p style=\"text-align: justify;\">Si la r\u00e9paration ne n\u00e9cessite que des petites pi\u00e8ces courantes que nous avons en stock (vis, fusible, fil \u00e9lectrique, colle, d\u00e9grippant\u2026) vous n\u2019aurez rien \u00e0 payer.<\/p>\n<p style=\"text-align: justify;\">Si la r\u00e9paration n\u00e9cessite l\u2019achat de pi\u00e8ces d\u00e9tach\u00e9es sp\u00e9cifiques, ce sera \u00e0 vous d\u2019acheter ces pi\u00e8ces (avec le conseil \u00e9ventuel d\u2019un r\u00e9parateur). Vous pourrez alors revenir \u00e0 la prochaine journ\u00e9e de r\u00e9parations avec la nouvelle pi\u00e8ce pour poursuivre la r\u00e9paration.<\/p>\n<h2>Garantie de r\u00e9paration ?<\/h2>\n<p style=\"text-align: justify;\">Nos r\u00e9parateurs feront le maximum pour r\u00e9parer votre objet, mais nous ne pouvons pas vous garantir que la r\u00e9paration sera possible.<\/p>\n<p style=\"text-align: justify;\">De m\u00eame si l\u2019objet est r\u00e9par\u00e9 nous ne pouvons pas vous garantir que cette r\u00e9paration sera durable, mais nous ferons tout notre possible pour que cela le soit. <a href=\"https:\/\/reparenjalles.saintmedardasso.fr\/wp-content\/uploads\/Documents\/Reglement%20interieur%20nov-2016.pdf\" target=\"_blank\" rel=\"noopener\"><strong>Voir R\u00e8glement int\u00e9rieur<\/strong><\/a> article 8.<\/p>\n<h2>Questions diverses :<\/h2>\n<h3>J\u2019ai plusieurs objets \u00e0 r\u00e9parer, puis-je les amener \u00e0 la prochaine journ\u00e9e de r\u00e9parations ?<\/h3>\n<p style=\"text-align: justify;\">Afin de pouvoir satisfaire un maximum d\u2019adh\u00e9rents, nous limitons les r\u00e9parations \u00e0 un objet par adh\u00e9rent et par journ\u00e9e. Si vous voulez faire r\u00e9parer plusieurs objets vous devrez les r\u00e9partir sur diff\u00e9rentes journ\u00e9es de r\u00e9paration.<\/p>\n<h3>J\u2019ai des objets \u00e0 donner, puis-je vous les apporter\u00a0 ?<\/h3>\n<p style=\"text-align: justify;\">L\u2019objet de l\u2019association est la r\u00e9paration, nous\u00a0 n\u2019avons pas de circuit pour donner des objets. Diff\u00e9rentes associations sont susceptibles d\u2019accepter des dons : <strong>Secours Populaire, Secours Catholique, Emma\u00fcs\u2026<\/strong><br \/>\nIl existe aussi des sites sp\u00e9cialis\u00e9s dans le don entre particuliers :\u00a0 comme par exemple\u00a0<strong><a href=\"https:\/\/donnons.org\/\" target=\"_blank\" rel=\"noopener noreferrer\"> donnons.org<\/a>\u00a0<\/strong>ou <strong><a href=\"http:\/\/recupe.net\">recupe.net <\/a><\/strong>ou l&rsquo;application <strong><a href=\"https:\/\/www.geev.com\/fr\">Geev<\/a><\/strong><\/p>\n<h3>J\u2019ai un s\u00e8che-linge en panne, puis-je vous l\u2019apporter pour r\u00e9paration ?<\/h3>\n<p style=\"text-align: justify;\">Notre local dispose de peu de place, aussi nous limitons les r\u00e9parations aux objets qu\u2019une personne seule peut transporter. Par cons\u00e9quent nous ne prenons pas en r\u00e9paration les appareils tels que : lave-linge, s\u00e8che-linge, lave-vaisselle, r\u00e9frig\u00e9rateur, cong\u00e9lateur, four.<\/p>\n<p>Vous pouvez vous tourner vers ce site\u00a0<a href=\"https:\/\/murfy.fr\/\" target=\"_blank\" rel=\"noopener\">https:\/\/murfy.fr\/<\/a><\/p>\n<p style=\"text-align: justify;\">De m\u00eame, les t\u00e9l\u00e9visions , quelque soit leur taille, ne sont plus accept\u00e9es \u2026<\/p>\n<h3>J\u2019ai un objet non transportable \u00e0 r\u00e9parer, pouvez-vous venir r\u00e9parer chez moi ?<\/h3>\n<p style=\"text-align: justify;\">Nous ne pouvons pas intervenir \u00e0 domicile. Nous ne pouvons donc pas nous charger de la r\u00e9paration des objets que vous ne pouvez pas apporter vous-m\u00eame \u00e0 une journ\u00e9e de r\u00e9parations (machine \u00e0 laver, s\u00e8che-linge, r\u00e9frig\u00e9rateur, etc\u2026)<\/p>\n<p>&nbsp;<\/p>\n<\/div>\n","protected":false},"excerpt":{"rendered":"<p>Pour faire r\u00e9parer un objet il faut \u00eatre majeur et adh\u00e9rent de l\u2019Association. L\u2019adh\u00e9sion L&rsquo;adh\u00e9sion \u00e0 R\u00e9par&rsquo;en Jalles est obligatoire pour faire effectuer une r\u00e9paration. Tout savoir sur l&rsquo;adh\u00e9sion &#8230; Les rendez-vous de r\u00e9paration Le nombre de rendez-vous est d\u00e9termin\u00e9 en fonction des b\u00e9n\u00e9voles disponibles. Les r\u00e9parations se font uniquement sur rendez-vous et dans le &hellip; <a href=\"https:\/\/reparenjalles.saintmedardasso.fr\/?page_id=975\" class=\"more-link\">Continuer la lecture de <span class=\"screen-reader-text\">Tout sur les r\u00e9parations<\/span>  <span class=\"meta-nav\">&rarr;<\/span><\/a><\/p>\n","protected":false},"author":6,"featured_media":0,"parent":0,"menu_order":0,"comment_status":"closed","ping_status":"closed","template":"","meta":{"footnotes":""},"class_list":["post-975","page","type-page","status-publish","hentry"],"_links":{"self":[{"href":"https:\/\/reparenjalles.saintmedardasso.fr\/index.php?rest_route=\/wp\/v2\/pages\/975","targetHints":{"allow":["GET"]}}],"collection":[{"href":"https:\/\/reparenjalles.saintmedardasso.fr\/index.php?rest_route=\/wp\/v2\/pages"}],"about":[{"href":"https:\/\/reparenjalles.saintmedardasso.fr\/index.php?rest_route=\/wp\/v2\/types\/page"}],"author":[{"embeddable":true,"href":"https:\/\/reparenjalles.saintmedardasso.fr\/index.php?rest_route=\/wp\/v2\/users\/6"}],"replies":[{"embeddable":true,"href":"https:\/\/reparenjalles.saintmedardasso.fr\/index.php?rest_route=%2Fwp%2Fv2%2Fcomments&post=975"}],"version-history":[{"count":2,"href":"https:\/\/reparenjalles.saintmedardasso.fr\/index.php?rest_route=\/wp\/v2\/pages\/975\/revisions"}],"predecessor-version":[{"id":1933,"href":"https:\/\/reparenjalles.saintmedardasso.fr\/index.php?rest_route=\/wp\/v2\/pages\/975\/revisions\/1933"}],"wp:attachment":[{"href":"https:\/\/reparenjalles.saintmedardasso.fr\/index.php?rest_route=%2Fwp%2Fv2%2Fmedia&parent=975"}],"curies":[{"name":"wp","href":"https:\/\/api.w.org\/{rel}","templated":true}]}}