{"id":57,"date":"2015-09-06T18:20:48","date_gmt":"2015-09-06T17:20:48","guid":{"rendered":"http:\/\/reparenjalles.saintmedardasso.fr\/?page_id=57"},"modified":"2026-03-23T14:52:18","modified_gmt":"2026-03-23T13:52:18","slug":"accueil","status":"publish","type":"page","link":"https:\/\/reparenjalles.saintmedardasso.fr\/","title":{"rendered":"Accueil"},"content":{"rendered":"<h1 style=\"text-align: center;\"><span style=\"color: #008000; font-size: 24pt;\">Prochaine journ\u00e9e de r\u00e9parations<\/span><\/h1>\n<p style=\"text-align: center;\"><span style=\"font-size: 14pt;\">La prochaine journ\u00e9e de r\u00e9parations est pr\u00e9vue<\/span><br \/>\n<strong><span style=\"color: #008000; font-size: 18pt; background-color: #ccffcc;\">\u00a0le Samedi 25 Avril 2026 \u00e0 partir de 9H<\/span><br \/>\n<span style=\"font-size: 14pt;\"><a href=\"https:\/\/reparenjalles.saintmedardasso.fr\/?page_id=978\" target=\"_blank\" rel=\"noopener\">dans notre local\u00a0<\/a><\/span><br \/>\n<\/strong><\/p>\n<p style=\"text-align: justify;\"><span style=\"color: #ff6600;\">Uniquement sur rendez-vous et dans le respect des contraintes sanitaires en vigueur.<\/span><\/p>\n<p>Le calendrier de nos journ\u00e9es de r\u00e9parations :\u00a0 <strong><em><a href=\"https:\/\/reparenjalles.saintmedardasso.fr\/?page_id=166\" target=\"_blank\" rel=\"noopener\">Calendrier<\/a><\/em><\/strong><\/p>\n<p style=\"text-align: justify;\"><em>Il sera possible de prendre rendez-vous \u00e0 partir du lundi pr\u00e9c\u00e9dant la date de l\u2019atelier de r\u00e9paration.\u00a0 <strong><a href=\"https:\/\/reparenjalles.saintmedardasso.fr\/reparations\/rdv\/rdv.php\" target=\"_blank\" rel=\"noopener\">Prendre rendez-vous<\/a><\/strong>.<\/em><\/p>\n<p style=\"text-align: justify;\"><em>Si vous souhaitez \u00eatre pr\u00e9venu lorsque la prochaine prise de rendez-vous sera possible, <a href=\"https:\/\/reparenjalles.saintmedardasso.fr\/?page_id=971\" target=\"_blank\" rel=\"noopener\"><strong>inscrivez-vous \u00e0 la liste de diffusion<\/strong><\/a> de <strong>R\u00e9par&rsquo;en Jalles<\/strong> <small>(si vous recevez d\u00e9j\u00e0 les informations de <strong>R\u00e9par&rsquo;en Jalles<\/strong>, vous \u00eates d\u00e9j\u00e0 inscrit).<\/small><\/em><\/p>\n<hr \/>\n<h2 style=\"text-align: left;\"><strong>Pour tout renseignement sur les r\u00e9parations<br \/>\n<\/strong><\/h2>\n<ul>\n<li><strong><a href=\"https:\/\/reparenjalles.saintmedardasso.fr\/?page_id=975\" target=\"_blank\" rel=\"noopener noreferrer\">consultez notre page \u00ab\u00a0tout sur les r\u00e9parations\u00a0\u00bb<\/a><\/strong><\/li>\n<li>ou bien\u00a0 <strong><a href=\"https:\/\/reparenjalles.saintmedardasso.fr\/?page_id=25\">contactez-nous<\/a><\/strong><\/li>\n<\/ul>\n<hr \/>\n<p style=\"text-align: center;\">Vid\u00e9o de pr\u00e9sentation de <strong>Repar&rsquo;en Jalles<\/strong> :<br \/>\n<iframe loading=\"lazy\" src=\"https:\/\/www.youtube.com\/embed\/192SOzUHOj8?rel=0\" width=\"560\" height=\"315\" frameborder=\"0\" allowfullscreen=\"allowfullscreen\"><span style=\"display: inline-block; width: 0px; overflow: hidden; line-height: 0;\" data-mce-type=\"bookmark\" class=\"mce_SELRES_start\">\ufeff<\/span><\/iframe><\/p>\n<p>&nbsp;<\/p>\n","protected":false},"excerpt":{"rendered":"<p>Prochaine journ\u00e9e de r\u00e9parations La prochaine journ\u00e9e de r\u00e9parations est pr\u00e9vue \u00a0le Samedi 25 Avril 2026 \u00e0 partir de 9H dans notre local\u00a0 Uniquement sur rendez-vous et dans le respect des contraintes sanitaires en vigueur. Le calendrier de nos journ\u00e9es de r\u00e9parations :\u00a0 Calendrier Il sera possible de prendre rendez-vous \u00e0 partir du lundi pr\u00e9c\u00e9dant &hellip; <a href=\"https:\/\/reparenjalles.saintmedardasso.fr\/\" class=\"more-link\">Continuer la lecture de <span class=\"screen-reader-text\">Accueil<\/span>  <span class=\"meta-nav\">&rarr;<\/span><\/a><\/p>\n","protected":false},"author":7,"featured_media":0,"parent":0,"menu_order":0,"comment_status":"closed","ping_status":"closed","template":"","meta":{"footnotes":""},"class_list":["post-57","page","type-page","status-publish","hentry"],"_links":{"self":[{"href":"https:\/\/reparenjalles.saintmedardasso.fr\/index.php?rest_route=\/wp\/v2\/pages\/57","targetHints":{"allow":["GET"]}}],"collection":[{"href":"https:\/\/reparenjalles.saintmedardasso.fr\/index.php?rest_route=\/wp\/v2\/pages"}],"about":[{"href":"https:\/\/reparenjalles.saintmedardasso.fr\/index.php?rest_route=\/wp\/v2\/types\/page"}],"author":[{"embeddable":true,"href":"https:\/\/reparenjalles.saintmedardasso.fr\/index.php?rest_route=\/wp\/v2\/users\/7"}],"replies":[{"embeddable":true,"href":"https:\/\/reparenjalles.saintmedardasso.fr\/index.php?rest_route=%2Fwp%2Fv2%2Fcomments&post=57"}],"version-history":[{"count":3,"href":"https:\/\/reparenjalles.saintmedardasso.fr\/index.php?rest_route=\/wp\/v2\/pages\/57\/revisions"}],"predecessor-version":[{"id":2088,"href":"https:\/\/reparenjalles.saintmedardasso.fr\/index.php?rest_route=\/wp\/v2\/pages\/57\/revisions\/2088"}],"wp:attachment":[{"href":"https:\/\/reparenjalles.saintmedardasso.fr\/index.php?rest_route=%2Fwp%2Fv2%2Fmedia&parent=57"}],"curies":[{"name":"wp","href":"https:\/\/api.w.org\/{rel}","templated":true}]}}