{"id":53,"date":"2015-09-06T17:35:23","date_gmt":"2015-09-06T15:35:23","guid":{"rendered":"http:\/\/reparenjalles.saintmedardasso.fr\/?page_id=53"},"modified":"2023-12-18T18:04:11","modified_gmt":"2023-12-18T17:04:11","slug":"qui-sommes-nous","status":"publish","type":"page","link":"https:\/\/reparenjalles.saintmedardasso.fr\/?page_id=53","title":{"rendered":"Qui sommes nous ?"},"content":{"rendered":"<h3 style=\"text-align: center;\"><span style=\"color: #339966;\"><strong><br \/>\n<\/strong> <\/span><\/h3>\n<p style=\"text-align: justify;\"><span style=\"font-size: 14pt;\"><strong>R\u00e9par\u2019en Jalles<\/strong><\/span> est une association localis\u00e9e \u00e0 Saint-M\u00e9dard-en-Jalles dont les objectifs sont les suivants\u00a0 :<\/p>\n<table class=\" aligncenter\" style=\"width: 80%; border-collapse: collapse; background-color: #b8dbdb;\">\n<tbody>\n<tr>\n<td style=\"width: 100%;\">\n<p style=\"text-align: justify;\"><span style=\"font-size: 12pt;\">Diminuer les quantit\u00e9s de d\u00e9chets,<\/span><\/p>\n<p style=\"text-align: justify;\"><span style=\"font-size: 12pt;\">Donner une deuxi\u00e8me vie aux objets non-utilis\u00e9s ou r\u00e9parables pour \u00e9viter de les jeter,<\/span><\/p>\n<p style=\"text-align: justify;\"><span style=\"font-size: 12pt;\">Transmettre les savoirs faire de la r\u00e9paration et de la transformation.<\/span><\/p>\n<\/td>\n<\/tr>\n<\/tbody>\n<\/table>\n<p style=\"text-align: justify;\">Pour cela nous proposons des journ\u00e9es de r\u00e9paration \/ transmission durant lesquelles vous pouvez apporter vos\u00a0 objets du quotidien en panne ( petit \u00e9lectrom\u00e9nager, v\u00e9los, outils de jardin , machine \u00e0 coudre, \u2026\u2026.).<\/p>\n<p style=\"text-align: justify;\">Nos r\u00e9parateurs b\u00e9n\u00e9voles mettront tout en \u0153uvre avec vous pour que ces objets fonctionnent \u00e0 nouveau.<\/p>\n<p style=\"text-align: justify;\">Les <strong>r\u00e9parations se font uniquement sur rendez-vous<\/strong> et dans le respect des contraintes sanitaires en vigueur.<\/p>\n<p style=\"text-align: justify;\">Si vous souhaitez \u00eatre inform\u00e9s par mail des dates des prochains journ\u00e9es de r\u00e9parations\u00a0 nous vous invitons \u00e0 <a href=\"https:\/\/reparenjalles.saintmedardasso.fr\/?page_id=971\"><strong>vous inscrire sur notre liste de diffusion<\/strong><\/a>.<\/p>\n<hr \/>\n<p style=\"text-align: center;\">Vid\u00e9o de pr\u00e9sentation de <strong>Repar&rsquo;en Jalles<\/strong> :<iframe loading=\"lazy\" src=\"https:\/\/www.youtube.com\/embed\/192SOzUHOj8\" width=\"560\" height=\"315\" frameborder=\"0\" allowfullscreen=\"allowfullscreen\"><\/iframe><\/p>\n","protected":false},"excerpt":{"rendered":"<p>R\u00e9par\u2019en Jalles est une association localis\u00e9e \u00e0 Saint-M\u00e9dard-en-Jalles dont les objectifs sont les suivants\u00a0 : Diminuer les quantit\u00e9s de d\u00e9chets, Donner une deuxi\u00e8me vie aux objets non-utilis\u00e9s ou r\u00e9parables pour \u00e9viter de les jeter, Transmettre les savoirs faire de la r\u00e9paration et de la transformation. Pour cela nous proposons des journ\u00e9es de r\u00e9paration \/ transmission &hellip; <a href=\"https:\/\/reparenjalles.saintmedardasso.fr\/?page_id=53\" class=\"more-link\">Continuer la lecture de <span class=\"screen-reader-text\">Qui sommes nous ?<\/span>  <span class=\"meta-nav\">&rarr;<\/span><\/a><\/p>\n","protected":false},"author":7,"featured_media":0,"parent":0,"menu_order":0,"comment_status":"closed","ping_status":"closed","template":"","meta":{"footnotes":""},"class_list":["post-53","page","type-page","status-publish","hentry"],"_links":{"self":[{"href":"https:\/\/reparenjalles.saintmedardasso.fr\/index.php?rest_route=\/wp\/v2\/pages\/53","targetHints":{"allow":["GET"]}}],"collection":[{"href":"https:\/\/reparenjalles.saintmedardasso.fr\/index.php?rest_route=\/wp\/v2\/pages"}],"about":[{"href":"https:\/\/reparenjalles.saintmedardasso.fr\/index.php?rest_route=\/wp\/v2\/types\/page"}],"author":[{"embeddable":true,"href":"https:\/\/reparenjalles.saintmedardasso.fr\/index.php?rest_route=\/wp\/v2\/users\/7"}],"replies":[{"embeddable":true,"href":"https:\/\/reparenjalles.saintmedardasso.fr\/index.php?rest_route=%2Fwp%2Fv2%2Fcomments&post=53"}],"version-history":[{"count":0,"href":"https:\/\/reparenjalles.saintmedardasso.fr\/index.php?rest_route=\/wp\/v2\/pages\/53\/revisions"}],"wp:attachment":[{"href":"https:\/\/reparenjalles.saintmedardasso.fr\/index.php?rest_route=%2Fwp%2Fv2%2Fmedia&parent=53"}],"curies":[{"name":"wp","href":"https:\/\/api.w.org\/{rel}","templated":true}]}}