{"id":1146,"date":"2022-10-21T12:28:05","date_gmt":"2022-10-21T10:28:05","guid":{"rendered":"http:\/\/reparenjalles.saintmedardasso.fr\/?page_id=1146"},"modified":"2024-08-13T13:55:33","modified_gmt":"2024-08-13T11:55:33","slug":"adhesion","status":"publish","type":"page","link":"https:\/\/reparenjalles.saintmedardasso.fr\/?page_id=1146","title":{"rendered":"Adh\u00e9sion"},"content":{"rendered":"<p style=\"text-align: justify;\">Le <strong>co\u00fbt de l\u2019adh\u00e9sion<\/strong> est de <strong>7\u20ac pour l\u2019ann\u00e9e. <\/strong>Elle est <strong>valable de septembre \u00e0 juin<\/strong>.<\/p>\n<p style=\"text-align: justify;\">Ayant adh\u00e9r\u00e9 vous pourrez faire r\u00e9parer un objet \u00e0 chaque journ\u00e9e de r\u00e9paration jusqu\u2019au mois de juin suivant votre inscription.<\/p>\n<p style=\"text-align: justify;\">Cette adh\u00e9sion sert \u00e0 couvrir les frais de fonctionnement de l\u2019Association (assurance, petit mat\u00e9riel pour le secr\u00e9tariat et la r\u00e9paration \u2026 ).<\/p>\n<p style=\"text-align: justify;\">Vous prendrez et paierez votre adh\u00e9sion \u00e0 l\u2019accueil de notre local lorsque vous viendrez \u00e0 votre premi\u00e8re journ\u00e9e de r\u00e9parations.<\/p>\n<p><code><\/code><\/p>\n<p>&nbsp;<\/p>\n","protected":false},"excerpt":{"rendered":"<p>Le co\u00fbt de l\u2019adh\u00e9sion est de 7\u20ac pour l\u2019ann\u00e9e. Elle est valable de septembre \u00e0 juin. Ayant adh\u00e9r\u00e9 vous pourrez faire r\u00e9parer un objet \u00e0 chaque journ\u00e9e de r\u00e9paration jusqu\u2019au mois de juin suivant votre inscription. Cette adh\u00e9sion sert \u00e0 couvrir les frais de fonctionnement de l\u2019Association (assurance, petit mat\u00e9riel pour le secr\u00e9tariat et la &hellip; <a href=\"https:\/\/reparenjalles.saintmedardasso.fr\/?page_id=1146\" class=\"more-link\">Continuer la lecture de <span class=\"screen-reader-text\">Adh\u00e9sion<\/span>  <span class=\"meta-nav\">&rarr;<\/span><\/a><\/p>\n","protected":false},"author":6,"featured_media":0,"parent":0,"menu_order":0,"comment_status":"closed","ping_status":"closed","template":"","meta":{"footnotes":""},"class_list":["post-1146","page","type-page","status-publish","hentry"],"_links":{"self":[{"href":"https:\/\/reparenjalles.saintmedardasso.fr\/index.php?rest_route=\/wp\/v2\/pages\/1146","targetHints":{"allow":["GET"]}}],"collection":[{"href":"https:\/\/reparenjalles.saintmedardasso.fr\/index.php?rest_route=\/wp\/v2\/pages"}],"about":[{"href":"https:\/\/reparenjalles.saintmedardasso.fr\/index.php?rest_route=\/wp\/v2\/types\/page"}],"author":[{"embeddable":true,"href":"https:\/\/reparenjalles.saintmedardasso.fr\/index.php?rest_route=\/wp\/v2\/users\/6"}],"replies":[{"embeddable":true,"href":"https:\/\/reparenjalles.saintmedardasso.fr\/index.php?rest_route=%2Fwp%2Fv2%2Fcomments&post=1146"}],"version-history":[{"count":0,"href":"https:\/\/reparenjalles.saintmedardasso.fr\/index.php?rest_route=\/wp\/v2\/pages\/1146\/revisions"}],"wp:attachment":[{"href":"https:\/\/reparenjalles.saintmedardasso.fr\/index.php?rest_route=%2Fwp%2Fv2%2Fmedia&parent=1146"}],"curies":[{"name":"wp","href":"https:\/\/api.w.org\/{rel}","templated":true}]}}